{"id":1297,"date":"2022-02-10T11:42:29","date_gmt":"2022-02-10T10:42:29","guid":{"rendered":"https:\/\/ericapiccotti.com\/?page_id=1297"},"modified":"2024-06-10T16:03:56","modified_gmt":"2024-06-10T14:03:56","slug":"press","status":"publish","type":"page","link":"https:\/\/ericapiccotti.com\/en\/press\/","title":{"rendered":"Press"},"content":{"rendered":"\n\t<section class=\"section dark\" id=\"section_1505864663\">\n\t\t<div class=\"section-bg fill\" >\n\t\t\t<img loading=\"lazy\" decoding=\"async\" width=\"1170\" height=\"390\" src=\"https:\/\/ericapiccotti.com\/wp-content\/uploads\/erica-piccotti-34.jpg\" class=\"bg attachment-original size-original\" alt=\"\" title=\"\">\t\t\t\t\t\t<div class=\"section-bg-overlay absolute fill\"><\/div>\n\t\t\t\n\n\t\t<\/div>\n\n\t\t\n\n\t\t<div class=\"section-content relative\">\n\t\t\t\n\t<div id=\"gap-2065050632\" class=\"gap-element clearfix\" style=\"display:block; height:auto;\">\n\t\t\n<style>\n#gap-2065050632 {\n  padding-top: 50px;\n}\n<\/style>\n\t<\/div>\n\t\n<div class=\"row align-equal align-center\"  id=\"row-497247003\">\n\n\t<div id=\"col-834299997\" class=\"col medium-2 small-3 large-2\"  >\n\t\t\t\t<div class=\"col-inner\"  >\n\t\t\t\n\t\t\t\n\t<div class=\"img has-hover x md-x lg-x y md-y lg-y\" id=\"image_1416511045\">\n\t\t\t\t\t\t\t\t<div class=\"img-inner dark\" >\n\t\t\t<img loading=\"lazy\" decoding=\"async\" width=\"1\" height=\"1\" src=\"https:\/\/ericapiccotti.com\/wp-content\/uploads\/ghirigoro-sx-bianco.svg\" class=\"attachment-original size-original\" alt=\"\" title=\"\">\t\t\t\t\t\t\n\t\t\t\t\t<\/div>\n\t\t\t\t\t\t\t\t\n<style>\n#image_1416511045 {\n  width: 100%;\n}\n<\/style>\n\t<\/div>\n\t\n\t\t<\/div>\n\t\t\t\t\t<\/div>\n\n\t\n\n\t<div id=\"col-2113845659\" class=\"col medium-5 small-6 large-5\"  >\n\t\t\t\t<div class=\"col-inner text-center\"  >\n\t\t\t\n\t\t\t\n\t<div id=\"text-3939939934\" class=\"text\">\n\t\t\n<p class=\"alt-font uppercase\">Press<\/p>\n\t\t\n<style>\n#text-3939939934 {\n  font-size: 1.5rem;\n  text-align: center;\n}\n@media (min-width:550px) {\n  #text-3939939934 {\n    font-size: 1.75rem;\n    text-align: center;\n  }\n}\n<\/style>\n\t<\/div>\n\t\n\t\t<\/div>\n\t\t\t\t\t<\/div>\n\n\t\n\n\t<div id=\"col-1294973010\" class=\"col medium-2 small-3 large-2\"  >\n\t\t\t\t<div class=\"col-inner\"  >\n\t\t\t\n\t\t\t\n\t<div class=\"img has-hover x md-x lg-x y md-y lg-y\" id=\"image_1983100278\">\n\t\t\t\t\t\t\t\t<div class=\"img-inner dark\" >\n\t\t\t<img loading=\"lazy\" decoding=\"async\" width=\"1\" height=\"1\" src=\"https:\/\/ericapiccotti.com\/wp-content\/uploads\/ghirigoro-dx-bianco.svg\" class=\"attachment-original size-original\" alt=\"\" title=\"\">\t\t\t\t\t\t\n\t\t\t\t\t<\/div>\n\t\t\t\t\t\t\t\t\n<style>\n#image_1983100278 {\n  width: 100%;\n}\n<\/style>\n\t<\/div>\n\t\n\t\t<\/div>\n\t\t\t\t\t<\/div>\n\n\t\n<\/div>\n\t\t<\/div>\n\n\t\t\n<style>\n#section_1505864663 {\n  padding-top: 30px;\n  padding-bottom: 30px;\n  margin-bottom: 30px;\n  min-height: 350px;\n}\n#section_1505864663 .section-bg-overlay {\n  background-color: rgba(0, 0, 0, 0.3);\n}\n#section_1505864663 .section-bg img {\n  object-position: 45% 100%;\n}\n@media (min-width:550px) {\n  #section_1505864663 {\n    min-height: 400px;\n  }\n}\n<\/style>\n\t<\/section>\n\t\n<div class=\"row row-full-width align-center\"  id=\"row-802173441\">\n\n\t<div id=\"col-1095280802\" class=\"col medium-12 small-12 large-11\"  >\n\t\t\t\t<div class=\"col-inner\"  >\n\t\t\t\n\t\t\t\n\n\t\t<div class=\"tabbed-content\">\n\t\t\t<h4 class=\"uppercase text-left\">Archive<\/h4>\n\t\t\t<ul class=\"nav nav-line-bottom nav-vertical nav-uppercase nav-size-xlarge nav-left\" role=\"tablist\"><li id=\"tab-2023\/2022\" class=\"tab active has-icon\" role=\"presentation\"><a href=\"#tab_2023\/2022\" role=\"tab\" aria-selected=\"true\" aria-controls=\"tab_2023\/2022\"><span>2023\/2022<\/span><\/a><\/li>\n<li id=\"tab-2021\" class=\"tab has-icon\" role=\"presentation\"><a href=\"#tab_2021\" tabindex=\"-1\" role=\"tab\" aria-selected=\"false\" aria-controls=\"tab_2021\"><span>2021<\/span><\/a><\/li>\n<li id=\"tab-2020\/2019\" class=\"tab has-icon\" role=\"presentation\"><a href=\"#tab_2020\/2019\" tabindex=\"-1\" role=\"tab\" aria-selected=\"false\" aria-controls=\"tab_2020\/2019\"><span>2020\/2019<\/span><\/a><\/li>\n<li id=\"tab-2018\" class=\"tab has-icon\" role=\"presentation\"><a href=\"#tab_2018\" tabindex=\"-1\" role=\"tab\" aria-selected=\"false\" aria-controls=\"tab_2018\"><span>2018<\/span><\/a><\/li>\n<li id=\"tab-2017\" class=\"tab has-icon\" role=\"presentation\"><a href=\"#tab_2017\" tabindex=\"-1\" role=\"tab\" aria-selected=\"false\" aria-controls=\"tab_2017\"><span>2017<\/span><\/a><\/li>\n<li id=\"tab-2016\" class=\"tab has-icon\" role=\"presentation\"><a href=\"#tab_2016\" tabindex=\"-1\" role=\"tab\" aria-selected=\"false\" aria-controls=\"tab_2016\"><span>2016<\/span><\/a><\/li>\n<li id=\"tab-2015\/14\/13\" class=\"tab has-icon\" role=\"presentation\"><a href=\"#tab_2015\/14\/13\" tabindex=\"-1\" role=\"tab\" aria-selected=\"false\" aria-controls=\"tab_2015\/14\/13\"><span>2015\/14\/13<\/span><\/a><\/li><\/ul><div class=\"tab-panels\"><div id=\"tab_2023\/2022\" class=\"panel active entry-content\" role=\"tabpanel\" aria-labelledby=\"tab-2023\/2022\">\n<div class=\"row\"  id=\"row-1455143369\">\n\n\t<div id=\"col-2140949689\" class=\"col medium-6 small-12 large-6\"  >\n\t\t\t\t<div class=\"col-inner text-left\"  >\n\t\t\t\n\t\t\t\n<p>16 Gen 2023<\/p>\n<div class=\"is-divider divider clearfix\" style=\"margin-top:5px;margin-bottom:5px;max-width:100%;height:2px;background-color:#000000;\"><\/div>\n\t<div id=\"gap-1968554759\" class=\"gap-element clearfix\" style=\"display:block; height:auto;\">\n\t\t\n<style>\n#gap-1968554759 {\n  padding-top: 20px;\n}\n<\/style>\n\t<\/div>\n\t\n<p class=\"alt-font\"><span style=\"font-size: 160%;\"><strong>Da Acilia a Pechino, storia di una enfant prodige del violoncello<\/strong><\/span><\/p>\n<p><strong>Barbara Laurenzi<\/strong><\/p>\n<a href=\"https:\/\/ericapiccotti.com\/wp-content\/uploads\/Da-Acilia-a-Pechino-storia-di-una-enfant-prodige-del-violoncello-erica-piccotti.png\" target=\"_blank\" class=\"button primary is-outline\" rel=\"noopener\" style=\"padding:0px 30px 0px 30px;\">\n\t\t<span>Read More<\/span>\n\t<i class=\"icon-angle-right\" aria-hidden=\"true\"><\/i><\/a>\n\n\t\t<\/div>\n\t\t\t\t\n<style>\n#col-2140949689 > .col-inner {\n  padding: 20px 20px 20px 20px;\n}\n<\/style>\n\t<\/div>\n\n\t\n\n\t<div id=\"col-584523211\" class=\"col medium-6 small-12 large-6\"  >\n\t\t\t\t<div class=\"col-inner text-left\"  >\n\t\t\t\n\t\t\t\n<p>29 Nov 2022<\/p>\n<div class=\"is-divider divider clearfix\" style=\"margin-top:5px;margin-bottom:5px;max-width:100%;height:2px;background-color:#000000;\"><\/div>\n\t<div id=\"gap-2144240176\" class=\"gap-element clearfix\" style=\"display:block; height:auto;\">\n\t\t\n<style>\n#gap-2144240176 {\n  padding-top: 20px;\n}\n<\/style>\n\t<\/div>\n\t\n<p class=\"alt-font\"><span style=\"font-size: 160%;\"><strong>Violoncello, al festival i grintosi Capricci di Piatti<\/strong><\/span><\/p>\n<p><strong>Eco di Bergamo<\/strong><\/p>\n<a href=\"https:\/\/ericapiccotti.com\/wp-content\/uploads\/eco-di-bergamo-erica-piccotti.jpg\" target=\"_blank\" class=\"button primary is-outline\" rel=\"noopener\" style=\"padding:0px 30px 0px 30px;\">\n\t\t<span>Read More<\/span>\n\t<i class=\"icon-angle-right\" aria-hidden=\"true\"><\/i><\/a>\n\n\t\t<\/div>\n\t\t\t\t\n<style>\n#col-584523211 > .col-inner {\n  padding: 20px 20px 20px 20px;\n}\n<\/style>\n\t<\/div>\n\n\t\n\n\t<div id=\"col-1512209235\" class=\"col medium-6 small-12 large-6\"  >\n\t\t\t\t<div class=\"col-inner text-left\"  >\n\t\t\t\n\t\t\t\n<p>17 Ago 2022<\/p>\n<div class=\"is-divider divider clearfix\" style=\"margin-top:5px;margin-bottom:5px;max-width:100%;height:2px;background-color:#000000;\"><\/div>\n\t<div id=\"gap-77340778\" class=\"gap-element clearfix\" style=\"display:block; height:auto;\">\n\t\t\n<style>\n#gap-77340778 {\n  padding-top: 20px;\n}\n<\/style>\n\t<\/div>\n\t\n<p class=\"alt-font\"><span style=\"font-size: 160%;\"><strong>La musica classica protagonista in Val d\u2019Orcia con tre violoncellisti di fama mondiale<\/strong><\/span><\/p>\n<p><strong>inToscana, Redazione<\/strong><\/p>\n<a href=\"https:\/\/ericapiccotti.com\/wp-content\/uploads\/intoscana-articolo-music.pdf\" target=\"_blank\" class=\"button primary is-outline\" rel=\"noopener\" style=\"padding:0px 30px 0px 30px;\">\n\t\t<span>Read More<\/span>\n\t<i class=\"icon-angle-right\" aria-hidden=\"true\"><\/i><\/a>\n\n\t\t<\/div>\n\t\t\t\t\n<style>\n#col-1512209235 > .col-inner {\n  padding: 20px 20px 20px 20px;\n}\n<\/style>\n\t<\/div>\n\n\t\n\n\t<div id=\"col-13620196\" class=\"col medium-6 small-12 large-6\"  >\n\t\t\t\t<div class=\"col-inner text-left\"  >\n\t\t\t\n\t\t\t\n<p>15 Ago 2022<\/p>\n<div class=\"is-divider divider clearfix\" style=\"margin-top:5px;margin-bottom:5px;max-width:100%;height:2px;background-color:#000000;\"><\/div>\n\t<div id=\"gap-86245468\" class=\"gap-element clearfix\" style=\"display:block; height:auto;\">\n\t\t\n<style>\n#gap-86245468 {\n  padding-top: 20px;\n}\n<\/style>\n\t<\/div>\n\t\n<p class=\"alt-font\"><span style=\"font-size: 160%;\"><strong>Sir Pappano, l\u2019atteso ritorno nel Fortore e il tributo al padre<\/strong><\/span><\/p>\n<p><strong>Ilmattino.it, Achille Mottola<\/strong><\/p>\n<a href=\"https:\/\/ericapiccotti.com\/wp-content\/uploads\/sir-pappano-castelfranco.pdf\" target=\"_blank\" class=\"button primary is-outline\" rel=\"noopener\" style=\"padding:0px 30px 0px 30px;\">\n\t\t<span>Read More<\/span>\n\t<i class=\"icon-angle-right\" aria-hidden=\"true\"><\/i><\/a>\n\n\t\t<\/div>\n\t\t\t\t\n<style>\n#col-13620196 > .col-inner {\n  padding: 20px 20px 20px 20px;\n}\n<\/style>\n\t<\/div>\n\n\t\n\n\t<div id=\"col-77019793\" class=\"col medium-6 small-12 large-6\"  >\n\t\t\t\t<div class=\"col-inner text-left\"  >\n\t\t\t\n\t\t\t\n<p>14 Ago 2022<\/p>\n<div class=\"is-divider divider clearfix\" style=\"margin-top:5px;margin-bottom:5px;max-width:100%;height:2px;background-color:#000000;\"><\/div>\n\t<div id=\"gap-1095431380\" class=\"gap-element clearfix\" style=\"display:block; height:auto;\">\n\t\t\n<style>\n#gap-1095431380 {\n  padding-top: 20px;\n}\n<\/style>\n\t<\/div>\n\t\n<p class=\"alt-font\"><span style=\"font-size: 160%;\"><strong>Sir Pappano,<br \/>\nil ritorno tra note e \u00abmemoria\u00bb<\/strong><\/span><\/p>\n<p><strong>Ilmattino.it, Achille Mottola<\/strong><\/p>\n<a href=\"https:\/\/ericapiccotti.com\/wp-content\/uploads\/sir-pappano.pdf\" target=\"_blank\" class=\"button primary is-outline\" rel=\"noopener\" style=\"padding:0px 30px 0px 30px;\">\n\t\t<span>Read More<\/span>\n\t<i class=\"icon-angle-right\" aria-hidden=\"true\"><\/i><\/a>\n\n\t\t<\/div>\n\t\t\t\t\n<style>\n#col-77019793 > .col-inner {\n  padding: 20px 20px 20px 20px;\n}\n<\/style>\n\t<\/div>\n\n\t\n\n\t<div id=\"col-269832963\" class=\"col medium-6 small-12 large-6\"  >\n\t\t\t\t<div class=\"col-inner text-left\"  >\n\t\t\t\n\t\t\t\n<p>8 Ago 2022<\/p>\n<div class=\"is-divider divider clearfix\" style=\"margin-top:5px;margin-bottom:5px;max-width:100%;height:2px;background-color:#000000;\"><\/div>\n\t<div id=\"gap-673071498\" class=\"gap-element clearfix\" style=\"display:block; height:auto;\">\n\t\t\n<style>\n#gap-673071498 {\n  padding-top: 20px;\n}\n<\/style>\n\t<\/div>\n\t\n<p class=\"alt-font\"><span style=\"font-size: 160%;\"><strong>Pappano: \u00abCon la nostra musica creiamo una comunit\u00e0\u00bb<\/strong><\/span><\/p>\n<p><strong>Ilmattino.it, Donatella Longobardi<br \/>\n<\/strong><\/p>\n<a href=\"https:\/\/ericapiccotti.com\/wp-content\/uploads\/Pappano-Con-la-nostra-musica-creiamo-una-comunita.pdf\" target=\"_blank\" class=\"button primary is-outline\" rel=\"noopener\" style=\"padding:0px 30px 0px 30px;\">\n\t\t<span>Read More<\/span>\n\t<i class=\"icon-angle-right\" aria-hidden=\"true\"><\/i><\/a>\n\n\t\t<\/div>\n\t\t\t\t\n<style>\n#col-269832963 > .col-inner {\n  padding: 20px 20px 20px 20px;\n}\n<\/style>\n\t<\/div>\n\n\t\n\n\t<div id=\"col-1136364025\" class=\"col medium-6 small-12 large-6\"  >\n\t\t\t\t<div class=\"col-inner text-left\"  >\n\t\t\t\n\t\t\t\n<p>Lug-Ago 2022<\/p>\n<div class=\"is-divider divider clearfix\" style=\"margin-top:5px;margin-bottom:5px;max-width:100%;height:2px;background-color:#000000;\"><\/div>\n\t<div id=\"gap-950651193\" class=\"gap-element clearfix\" style=\"display:block; height:auto;\">\n\t\t\n<style>\n#gap-950651193 {\n  padding-top: 20px;\n}\n<\/style>\n\t<\/div>\n\t\n<p class=\"alt-font\"><span style=\"font-size: 160%;\"><strong>Erica Piccotti il nuovo volto del violoncello<\/strong><\/span><\/p>\n<p><strong>ArchiMagazine, Intervista di Luca Segalla<\/strong><\/p>\n<a href=\"https:\/\/ericapiccotti.com\/wp-content\/uploads\/intervista-archi-megazine.pdf\" target=\"_blank\" class=\"button primary is-outline\" rel=\"noopener\" style=\"padding:0px 30px 0px 30px;\">\n\t\t<span>Read More<\/span>\n\t<i class=\"icon-angle-right\" aria-hidden=\"true\"><\/i><\/a>\n\n\t\t<\/div>\n\t\t\t\t\n<style>\n#col-1136364025 > .col-inner {\n  padding: 20px 20px 20px 20px;\n}\n<\/style>\n\t<\/div>\n\n\t\n\n\t<div id=\"col-1824405256\" class=\"col medium-6 small-12 large-6\"  >\n\t\t\t\t<div class=\"col-inner text-left\"  >\n\t\t\t\n\t\t\t\n<p>01 Feb 2022<\/p>\n<div class=\"is-divider divider clearfix\" style=\"margin-top:5px;margin-bottom:5px;max-width:100%;height:2px;background-color:#000000;\"><\/div>\n\t<div id=\"gap-1444182446\" class=\"gap-element clearfix\" style=\"display:block; height:auto;\">\n\t\t\n<style>\n#gap-1444182446 {\n  padding-top: 20px;\n}\n<\/style>\n\t<\/div>\n\t\n<p class=\"alt-font\"><span style=\"font-size: 160%;\"><strong>Mitrei\u00dfende Tour de France<\/strong><\/span><\/p>\n<p><strong>Heilbronner Stimme, Von Leonore Welzin<\/strong><\/p>\n<a href=\"https:\/\/ericapiccotti.com\/wp-content\/uploads\/Mitreisende-Tour-de-France-01-02-2022.pdf\" target=\"_blank\" class=\"button primary is-outline\" rel=\"noopener\" style=\"padding:0px 30px 0px 30px;\">\n\t\t<span>Read More<\/span>\n\t<i class=\"icon-angle-right\" aria-hidden=\"true\"><\/i><\/a>\n\n\t\t<\/div>\n\t\t\t\t\n<style>\n#col-1824405256 > .col-inner {\n  padding: 20px 20px 20px 20px;\n}\n<\/style>\n\t<\/div>\n\n\t\n<\/div>\n<\/div>\n<div id=\"tab_2021\" class=\"panel entry-content\" role=\"tabpanel\" aria-labelledby=\"tab-2021\">\n<div class=\"row\"  id=\"row-949148513\">\n\n\t<div id=\"col-2070125112\" class=\"col medium-6 small-12 large-6\"  >\n\t\t\t\t<div class=\"col-inner text-left\"  >\n\t\t\t\n\t\t\t\n<p>12 Ott 2021<\/p>\n<div class=\"is-divider divider clearfix\" style=\"margin-top:5px;margin-bottom:5px;max-width:100%;height:2px;background-color:#000000;\"><\/div>\n\t<div id=\"gap-1755490750\" class=\"gap-element clearfix\" style=\"display:block; height:auto;\">\n\t\t\n<style>\n#gap-1755490750 {\n  padding-top: 20px;\n}\n<\/style>\n\t<\/div>\n\t\n<p class=\"alt-font\"><span style=\"font-size: 160%;\"><strong>La grande musica classica incontra il rock e il jazz. Le stelle sono Oren e Piccotti<\/strong><\/span><\/p>\n<p><strong>ilCentro, Fabio Iuliano<\/strong><\/p>\n<a href=\"https:\/\/ericapiccotti.com\/wp-content\/uploads\/il-centro-concerti.pdf\" target=\"_blank\" class=\"button primary is-outline\" rel=\"noopener\" style=\"padding:0px 30px 0px 30px;\">\n\t\t<span>Read More<\/span>\n\t<i class=\"icon-angle-right\" aria-hidden=\"true\"><\/i><\/a>\n\n\t\t<\/div>\n\t\t\t\t\n<style>\n#col-2070125112 > .col-inner {\n  padding: 20px 20px 20px 20px;\n}\n<\/style>\n\t<\/div>\n\n\t\n\n\t<div id=\"col-685194111\" class=\"col medium-6 small-12 large-6\"  >\n\t\t\t\t<div class=\"col-inner text-left\"  >\n\t\t\t\n\t\t\t\n<p>9 Ago 2021<\/p>\n<div class=\"is-divider divider clearfix\" style=\"margin-top:5px;margin-bottom:5px;max-width:100%;height:2px;background-color:#000000;\"><\/div>\n\t<div id=\"gap-831451239\" class=\"gap-element clearfix\" style=\"display:block; height:auto;\">\n\t\t\n<style>\n#gap-831451239 {\n  padding-top: 20px;\n}\n<\/style>\n\t<\/div>\n\t\n<p class=\"alt-font\"><span style=\"font-size: 160%;\"><strong>Tagliacozzo celebra Napoleone con il Concentro triplo di Beethoven<\/strong><\/span><\/p>\n<p><strong>ilCentro, Eleonora Berardinetti<\/strong><\/p>\n<a href=\"https:\/\/ericapiccotti.com\/wp-content\/uploads\/giornale-il-centro.pdf\" target=\"_blank\" class=\"button primary is-outline\" rel=\"noopener\" style=\"padding:0px 30px 0px 30px;\">\n\t\t<span>Read More<\/span>\n\t<i class=\"icon-angle-right\" aria-hidden=\"true\"><\/i><\/a>\n\n\t\t<\/div>\n\t\t\t\t\n<style>\n#col-685194111 > .col-inner {\n  padding: 20px 20px 20px 20px;\n}\n<\/style>\n\t<\/div>\n\n\t\n\n\t<div id=\"col-99705492\" class=\"col medium-6 small-12 large-6\"  >\n\t\t\t\t<div class=\"col-inner text-left\"  >\n\t\t\t\n\t\t\t\n<p>20 Giu 2021<\/p>\n<div class=\"is-divider divider clearfix\" style=\"margin-top:5px;margin-bottom:5px;max-width:100%;height:2px;background-color:#000000;\"><\/div>\n\t<div id=\"gap-42593393\" class=\"gap-element clearfix\" style=\"display:block; height:auto;\">\n\t\t\n<style>\n#gap-42593393 {\n  padding-top: 20px;\n}\n<\/style>\n\t<\/div>\n\t\n<p class=\"alt-font\"><span style=\"font-size: 160%;\"><strong>Il duo Piccotti-Pierdomenico chiude la stagione Chamber<\/strong><\/span><\/p>\n<p><strong>Il Piccolo, www.acmtrioditrieste.it<\/strong><\/p>\n<a href=\"https:\/\/ericapiccotti.com\/wp-content\/uploads\/articolo-il-piccolo.pdf\" target=\"_blank\" class=\"button primary is-outline\" rel=\"noopener\" style=\"padding:0px 30px 0px 30px;\">\n\t\t<span>Read More<\/span>\n\t<i class=\"icon-angle-right\" aria-hidden=\"true\"><\/i><\/a>\n\n\t\t<\/div>\n\t\t\t\t\n<style>\n#col-99705492 > .col-inner {\n  padding: 20px 20px 20px 20px;\n}\n<\/style>\n\t<\/div>\n\n\t\n\n\t<div id=\"col-472737477\" class=\"col medium-6 small-12 large-6\"  >\n\t\t\t\t<div class=\"col-inner text-left\"  >\n\t\t\t\n\t\t\t\n<p>3 Giu 2021<\/p>\n<div class=\"is-divider divider clearfix\" style=\"margin-top:5px;margin-bottom:5px;max-width:100%;height:2px;background-color:#000000;\"><\/div>\n\t<div id=\"gap-805001030\" class=\"gap-element clearfix\" style=\"display:block; height:auto;\">\n\t\t\n<style>\n#gap-805001030 {\n  padding-top: 20px;\n}\n<\/style>\n\t<\/div>\n\t\n<p class=\"alt-font\"><span style=\"font-size: 160%;\"><strong>Dallapiccola, Busoni e Sibelius per l\u2019Accademia dei Cameristi<\/strong><\/span><\/p>\n<p><strong>Bari Giorno e Notte, Gilda Camero<\/strong><\/p>\n<a href=\"https:\/\/ericapiccotti.com\/wp-content\/uploads\/bari-giorno-e-notte.pdf\" target=\"_blank\" class=\"button primary is-outline\" rel=\"noopener\" style=\"padding:0px 30px 0px 30px;\">\n\t\t<span>Read More<\/span>\n\t<i class=\"icon-angle-right\" aria-hidden=\"true\"><\/i><\/a>\n\n\t\t<\/div>\n\t\t\t\t\n<style>\n#col-472737477 > .col-inner {\n  padding: 20px 20px 20px 20px;\n}\n<\/style>\n\t<\/div>\n\n\t\n\n\t<div id=\"col-1512372850\" class=\"col medium-6 small-12 large-6\"  >\n\t\t\t\t<div class=\"col-inner text-left\"  >\n\t\t\t\n\t\t\t\n<p>2 Feb 2021<\/p>\n<div class=\"is-divider divider clearfix\" style=\"margin-top:5px;margin-bottom:5px;max-width:100%;height:2px;background-color:#000000;\"><\/div>\n\t<div id=\"gap-489472410\" class=\"gap-element clearfix\" style=\"display:block; height:auto;\">\n\t\t\n<style>\n#gap-489472410 {\n  padding-top: 20px;\n}\n<\/style>\n\t<\/div>\n\t\n<p class=\"alt-font\"><span style=\"font-size: 160%;\"><strong>Komponistinnen aus der Stille<\/strong><\/span><\/p>\n<p><strong>Frankfurter Allgemeine, Von Wolfgang Sandner<\/strong><\/p>\n<a href=\"https:\/\/ericapiccotti.com\/wp-content\/uploads\/articolo-in-tedesco.pdf\" target=\"_blank\" class=\"button primary is-outline\" rel=\"noopener\" style=\"padding:0px 30px 0px 30px;\">\n\t\t<span>Read More<\/span>\n\t<i class=\"icon-angle-right\" aria-hidden=\"true\"><\/i><\/a>\n\n\t\t<\/div>\n\t\t\t\t\n<style>\n#col-1512372850 > .col-inner {\n  padding: 20px 20px 20px 20px;\n}\n<\/style>\n\t<\/div>\n\n\t\n<\/div>\n<\/div>\n<div id=\"tab_2020\/2019\" class=\"panel entry-content\" role=\"tabpanel\" aria-labelledby=\"tab-2020\/2019\">\n<div class=\"row\"  id=\"row-1202025385\">\n\n\t<div id=\"col-191316344\" class=\"col medium-6 small-12 large-6\"  >\n\t\t\t\t<div class=\"col-inner text-left\"  >\n\t\t\t\n\t\t\t\n<p>03 Mar 2020<\/p>\n<div class=\"is-divider divider clearfix\" style=\"margin-top:5px;margin-bottom:5px;max-width:100%;height:2px;background-color:#000000;\"><\/div>\n\t<div id=\"gap-342015054\" class=\"gap-element clearfix\" style=\"display:block; height:auto;\">\n\t\t\n<style>\n#gap-342015054 {\n  padding-top: 20px;\n}\n<\/style>\n\t<\/div>\n\t\n<p class=\"alt-font\"><span style=\"font-size: 160%;\"><strong>Erica delle meraviglie<\/strong><\/span><\/p>\n<p><strong>Abruzzoweb, Claudio Rampini<br \/>\n<\/strong><\/p>\n<a href=\"https:\/\/ericapiccotti.com\/wp-content\/uploads\/Erica-delle-meraviglie-ericapiccotti.png\" target=\"_blank\" class=\"button primary is-outline\" rel=\"noopener\" style=\"padding:0px 30px 0px 30px;\">\n\t\t<span>Read More<\/span>\n\t<i class=\"icon-angle-right\" aria-hidden=\"true\"><\/i><\/a>\n\n\t\t<\/div>\n\t\t\t\t\n<style>\n#col-191316344 > .col-inner {\n  padding: 20px 20px 20px 20px;\n}\n<\/style>\n\t<\/div>\n\n\t\n\n\t<div id=\"col-636057212\" class=\"col medium-6 small-12 large-6\"  >\n\t\t\t\t<div class=\"col-inner text-left\"  >\n\t\t\t\n\t\t\t\n<p>7 Apr 2019<\/p>\n<div class=\"is-divider divider clearfix\" style=\"margin-top:5px;margin-bottom:5px;max-width:100%;height:2px;background-color:#000000;\"><\/div>\n\t<div id=\"gap-757181780\" class=\"gap-element clearfix\" style=\"display:block; height:auto;\">\n\t\t\n<style>\n#gap-757181780 {\n  padding-top: 20px;\n}\n<\/style>\n\t<\/div>\n\t\n<p class=\"alt-font\"><span style=\"font-size: 160%;\"><strong>Filippo Gamba ed Erica Piccotti eccellenti interpreti della pi\u00f9 celebre delle sonate per violoncello di Beethoven<\/strong><\/span><\/p>\n<p><strong>tempostretto, Articolo di Giovanni Franci\u00f2<\/strong><\/p>\n<a href=\"https:\/\/ericapiccotti.com\/wp-content\/uploads\/2-p22-light-Tempostretto-Articolo-di-Giovanni-Francio.pdf\" target=\"_blank\" class=\"button primary is-outline\" rel=\"noopener\" style=\"padding:0px 30px 0px 30px;\">\n\t\t<span>Read More<\/span>\n\t<i class=\"icon-angle-right\" aria-hidden=\"true\"><\/i><\/a>\n\n\t\t<\/div>\n\t\t\t\t\n<style>\n#col-636057212 > .col-inner {\n  padding: 20px 20px 20px 20px;\n}\n<\/style>\n\t<\/div>\n\n\t\n\n\t<div id=\"col-43851624\" class=\"col medium-6 small-12 large-6\"  >\n\t\t\t\t<div class=\"col-inner text-left\"  >\n\t\t\t\n\t\t\t\n<p>18 Mar 2019<\/p>\n<div class=\"is-divider divider clearfix\" style=\"margin-top:5px;margin-bottom:5px;max-width:100%;height:2px;background-color:#000000;\"><\/div>\n\t<div id=\"gap-1230136830\" class=\"gap-element clearfix\" style=\"display:block; height:auto;\">\n\t\t\n<style>\n#gap-1230136830 {\n  padding-top: 20px;\n}\n<\/style>\n\t<\/div>\n\t\n<p class=\"alt-font\"><span style=\"font-size: 160%;\"><strong>Grande performance della giovane violoncellista Erica Piccotti<\/strong><\/span><\/p>\n<p><strong>Pragma Magazine, Articolo di Patrizia Gallina<\/strong><\/p>\n<a href=\"https:\/\/ericapiccotti.com\/wp-content\/uploads\/3-18-Marzo-2019-Pragma-Magazine-Articolo-di-Patrizia-Gallina.-Grande-performance-della-giovane-violoncellista-Erica-Piccotti.pdf\" target=\"_blank\" class=\"button primary is-outline\" rel=\"noopener\" style=\"padding:0px 30px 0px 30px;\">\n\t\t<span>Read More<\/span>\n\t<i class=\"icon-angle-right\" aria-hidden=\"true\"><\/i><\/a>\n\n\t\t<\/div>\n\t\t\t\t\n<style>\n#col-43851624 > .col-inner {\n  padding: 20px 20px 20px 20px;\n}\n<\/style>\n\t<\/div>\n\n\t\n\n\t<div id=\"col-409644494\" class=\"col medium-6 small-12 large-6\"  >\n\t\t\t\t<div class=\"col-inner text-left\"  >\n\t\t\t\n\t\t\t\n<p>16 Mar 2019<\/p>\n<div class=\"is-divider divider clearfix\" style=\"margin-top:5px;margin-bottom:5px;max-width:100%;height:2px;background-color:#000000;\"><\/div>\n\t<div id=\"gap-552725948\" class=\"gap-element clearfix\" style=\"display:block; height:auto;\">\n\t\t\n<style>\n#gap-552725948 {\n  padding-top: 20px;\n}\n<\/style>\n\t<\/div>\n\t\n<p class=\"alt-font\"><span style=\"font-size: 160%;\"><strong>Erica Piccotti, a 20 anni violoncellista straordinaria<\/strong><\/span><\/p>\n<p><strong>La Repubblica, Articolo di Roberto Iovino<\/strong><\/p>\n<a href=\"https:\/\/ericapiccotti.com\/wp-content\/uploads\/4-16-Marzo-2019-La-Repubblica-Articolo-di-Roberto-Iovino.-Erica-Piccotti-a-20-anni-violoncellista-straordinaria.pdf\" target=\"_blank\" class=\"button primary is-outline\" rel=\"noopener\" style=\"padding:0px 30px 0px 30px;\">\n\t\t<span>Read More<\/span>\n\t<i class=\"icon-angle-right\" aria-hidden=\"true\"><\/i><\/a>\n\n\t\t<\/div>\n\t\t\t\t\n<style>\n#col-409644494 > .col-inner {\n  padding: 20px 20px 20px 20px;\n}\n<\/style>\n\t<\/div>\n\n\t\n\n\t<div id=\"col-289739248\" class=\"col medium-6 small-12 large-6\"  >\n\t\t\t\t<div class=\"col-inner text-left\"  >\n\t\t\t\n\t\t\t\n<p>24 Feb 2019<\/p>\n<div class=\"is-divider divider clearfix\" style=\"margin-top:5px;margin-bottom:5px;max-width:100%;height:2px;background-color:#000000;\"><\/div>\n\t<div id=\"gap-861171521\" class=\"gap-element clearfix\" style=\"display:block; height:auto;\">\n\t\t\n<style>\n#gap-861171521 {\n  padding-top: 20px;\n}\n<\/style>\n\t<\/div>\n\t\n<p class=\"alt-font\"><span style=\"font-size: 160%;\"><strong>ORT, Federico Maria Sardelli dirige il talento di Erica Piccotti<\/strong><\/span><\/p>\n<p><strong>Il Sito di Firenze, Articolo de La Redazione<\/strong><\/p>\n<a href=\"https:\/\/ericapiccotti.com\/wp-content\/uploads\/5-p25-light-Il-Sito-Di-Firenze-Articolo-de-La-Redazione.pdf\" target=\"_blank\" class=\"button primary is-outline\" rel=\"noopener\" style=\"padding:0px 30px 0px 30px;\">\n\t\t<span>Read More<\/span>\n\t<i class=\"icon-angle-right\" aria-hidden=\"true\"><\/i><\/a>\n\n\t\t<\/div>\n\t\t\t\t\n<style>\n#col-289739248 > .col-inner {\n  padding: 20px 20px 20px 20px;\n}\n<\/style>\n\t<\/div>\n\n\t\n\n\t<div id=\"col-1277183603\" class=\"col medium-6 small-12 large-6\"  >\n\t\t\t\t<div class=\"col-inner text-left\"  >\n\t\t\t\n\t\t\t\n<p>11 Giu 2019<\/p>\n<div class=\"is-divider divider clearfix\" style=\"margin-top:5px;margin-bottom:5px;max-width:100%;height:2px;background-color:#000000;\"><\/div>\n\t<div id=\"gap-702632697\" class=\"gap-element clearfix\" style=\"display:block; height:auto;\">\n\t\t\n<style>\n#gap-702632697 {\n  padding-top: 20px;\n}\n<\/style>\n\t<\/div>\n\t\n<p class=\"alt-font\"><span style=\"font-size: 160%;\"><strong>Piccotti e Cattarossi, Finale inatteso, Vento dispettoso, Lampi di talento<\/strong><\/span><\/p>\n<p><strong>BresciaOggi, Articolo di Luigi Fertonani<\/strong><\/p>\n<a href=\"https:\/\/ericapiccotti.com\/wp-content\/uploads\/1-11-Giugno-2019-BresciaOggi-Articolo-di-Luigi-Fertonani.-Piccotti-e-Cattarossi-Finale-inatteso-Vento-dispettoso-Lampi-di-talento.pdf\" target=\"_blank\" class=\"button primary is-outline\" rel=\"noopener\" style=\"padding:0px 30px 0px 30px;\">\n\t\t<span>Read More<\/span>\n\t<i class=\"icon-angle-right\" aria-hidden=\"true\"><\/i><\/a>\n\n\t\t<\/div>\n\t\t\t\t\n<style>\n#col-1277183603 > .col-inner {\n  padding: 20px 20px 20px 20px;\n}\n<\/style>\n\t<\/div>\n\n\t\n<\/div>\n<\/div>\n<div id=\"tab_2018\" class=\"panel entry-content\" role=\"tabpanel\" aria-labelledby=\"tab-2018\">\n<div class=\"row\"  id=\"row-693168157\">\n\n\t<div id=\"col-1941829185\" class=\"col medium-6 small-12 large-6\"  >\n\t\t\t\t<div class=\"col-inner text-left\"  >\n\t\t\t\n\t\t\t\n<p>16 Dic 2018<\/p>\n<div class=\"is-divider divider clearfix\" style=\"margin-top:5px;margin-bottom:5px;max-width:100%;height:2px;background-color:#000000;\"><\/div>\n\t<div id=\"gap-1719542460\" class=\"gap-element clearfix\" style=\"display:block; height:auto;\">\n\t\t\n<style>\n#gap-1719542460 {\n  padding-top: 20px;\n}\n<\/style>\n\t<\/div>\n\t\n<p class=\"alt-font\"><span style=\"font-size: 160%;\"><strong>Applausi e abbracci Erica Piccotti conquista il teatro<\/strong><\/span><\/p>\n<p><strong>La Provincia, Articolo di Nello Colombo<\/strong><\/p>\n<a href=\"https:\/\/ericapiccotti.com\/wp-content\/uploads\/7-16-Dicembre-2018-La-Provincia-Articolo-di-Nello-Colombo.-Applausi-e-abbracci-Erica-Piccotti-conquista-il-teatro_compressed.pdf\" target=\"_blank\" class=\"button primary is-outline\" rel=\"noopener\" style=\"padding:0px 30px 0px 30px;\">\n\t\t<span>Read More<\/span>\n\t<\/a>\n\n\t\t<\/div>\n\t\t\t\t\n<style>\n#col-1941829185 > .col-inner {\n  padding: 20px 20px 20px 20px;\n}\n<\/style>\n\t<\/div>\n\n\t\n\n\t<div id=\"col-1247614149\" class=\"col medium-6 small-12 large-6\"  >\n\t\t\t\t<div class=\"col-inner text-left\"  >\n\t\t\t\n\t\t\t\n<p>14 Dic 2018<\/p>\n<div class=\"is-divider divider clearfix\" style=\"margin-top:5px;margin-bottom:5px;max-width:100%;height:2px;background-color:#000000;\"><\/div>\n\t<div id=\"gap-889801029\" class=\"gap-element clearfix\" style=\"display:block; height:auto;\">\n\t\t\n<style>\n#gap-889801029 {\n  padding-top: 20px;\n}\n<\/style>\n\t<\/div>\n\t\n<p class=\"alt-font\"><span style=\"font-size: 160%;\"><strong>Brilla una stella nel firmamento del violoncello<br \/>\n<\/strong><\/span><\/p>\n<p><strong>La Provincia, Articolo di Roberto Codazzi<\/strong><\/p>\n<a href=\"https:\/\/ericapiccotti.com\/wp-content\/uploads\/6-P5-light-La-Provincia-Articolo-di-Roberto-Codazzi.pdf\" target=\"_blank\" class=\"button primary is-outline\" rel=\"noopener\" style=\"padding:0px 30px 0px 30px;\">\n\t\t<span>Read More<\/span>\n\t<\/a>\n\n\t\t<\/div>\n\t\t\t\t\n<style>\n#col-1247614149 > .col-inner {\n  padding: 20px 20px 20px 20px;\n}\n<\/style>\n\t<\/div>\n\n\t\n\n\t<div id=\"col-1962589815\" class=\"col medium-6 small-12 large-6\"  >\n\t\t\t\t<div class=\"col-inner text-left\"  >\n\t\t\t\n\t\t\t\n<p>19 Set 2018<\/p>\n<div class=\"is-divider divider clearfix\" style=\"margin-top:5px;margin-bottom:5px;max-width:100%;height:2px;background-color:#000000;\"><\/div>\n\t<div id=\"gap-1358489264\" class=\"gap-element clearfix\" style=\"display:block; height:auto;\">\n\t\t\n<style>\n#gap-1358489264 {\n  padding-top: 20px;\n}\n<\/style>\n\t<\/div>\n\t\n<p class=\"alt-font\"><span style=\"font-size: 160%;\"><strong>Viaggio d\u2019amore quando suono il mio violoncello<\/strong><\/span><\/p>\n<p><strong>Il Messaggero, Intervista di Laura Larcan<\/strong><\/p>\n<a href=\"https:\/\/ericapiccotti.com\/wp-content\/uploads\/8-p20-light-Il-Messaggero-Articolo-di-Laura-Larcan-Da-sostituire.pdf\" target=\"_blank\" class=\"button primary is-outline\" rel=\"noopener\" style=\"padding:0px 30px 0px 30px;\">\n\t\t<span>Read More<\/span>\n\t<\/a>\n\n\t\t<\/div>\n\t\t\t\t\n<style>\n#col-1962589815 > .col-inner {\n  padding: 20px 20px 20px 20px;\n}\n<\/style>\n\t<\/div>\n\n\t\n\n\t<div id=\"col-1546238663\" class=\"col medium-6 small-12 large-6\"  >\n\t\t\t\t<div class=\"col-inner text-left\"  >\n\t\t\t\n\t\t\t\n<p>Settembre 2018<\/p>\n<div class=\"is-divider divider clearfix\" style=\"margin-top:5px;margin-bottom:5px;max-width:100%;height:2px;background-color:#000000;\"><\/div>\n\t<div id=\"gap-14411266\" class=\"gap-element clearfix\" style=\"display:block; height:auto;\">\n\t\t\n<style>\n#gap-14411266 {\n  padding-top: 20px;\n}\n<\/style>\n\t<\/div>\n\t\n<p class=\"alt-font\"><span style=\"font-size: 160%;\"><strong>L\u2019abbraccio caldo del violoncello<\/strong><\/span><\/p>\n<p><strong>Suonare News, Intervista di Luisa Sclocchis.<\/strong><\/p>\n<a href=\"https:\/\/ericapiccotti.com\/wp-content\/uploads\/9-Settembre-2018-Suonare-News-Intervista-di-Luisa-Sclocchis.-Labbraccio-caldo-del-violoncello_compressed.pdf\" target=\"_blank\" class=\"button primary is-outline\" rel=\"noopener\" style=\"padding:0px 30px 0px 30px;\">\n\t\t<span>Read More<\/span>\n\t<\/a>\n\n\t\t<\/div>\n\t\t\t\t\n<style>\n#col-1546238663 > .col-inner {\n  padding: 20px 20px 20px 20px;\n}\n<\/style>\n\t<\/div>\n\n\t\n\n\t<div id=\"col-676933266\" class=\"col medium-6 small-12 large-6\"  >\n\t\t\t\t<div class=\"col-inner text-left\"  >\n\t\t\t\n\t\t\t\n<p>25 Maggio 2018<\/p>\n<div class=\"is-divider divider clearfix\" style=\"margin-top:5px;margin-bottom:5px;max-width:100%;height:2px;background-color:#000000;\"><\/div>\n\t<div id=\"gap-1874564351\" class=\"gap-element clearfix\" style=\"display:block; height:auto;\">\n\t\t\n<style>\n#gap-1874564351 {\n  padding-top: 20px;\n}\n<\/style>\n\t<\/div>\n\t\n<p class=\"alt-font\"><span style=\"font-size: 160%;\"><strong>Erica Piccotti l\u2019angelo del violoncello<\/strong><\/span><\/p>\n<p><strong>Il Messaggero, Presentazione CD<\/strong><\/p>\n<a href=\"https:\/\/ericapiccotti.com\/wp-content\/uploads\/10-P3-light-Il-Messaggero-Presentazione-CD.pdf\" target=\"_blank\" class=\"button primary is-outline\" rel=\"noopener\" style=\"padding:0px 30px 0px 30px;\">\n\t\t<span>Read More<\/span>\n\t<\/a>\n\n\t\t<\/div>\n\t\t\t\t\n<style>\n#col-676933266 > .col-inner {\n  padding: 20px 20px 20px 20px;\n}\n<\/style>\n\t<\/div>\n\n\t\n\n\t<div id=\"col-401922320\" class=\"col medium-6 small-12 large-6\"  >\n\t\t\t\t<div class=\"col-inner text-left\"  >\n\t\t\t\n\t\t\t\n<p>11 Maggio 2018<\/p>\n<div class=\"is-divider divider clearfix\" style=\"margin-top:5px;margin-bottom:5px;max-width:100%;height:2px;background-color:#000000;\"><\/div>\n\t<div id=\"gap-154119271\" class=\"gap-element clearfix\" style=\"display:block; height:auto;\">\n\t\t\n<style>\n#gap-154119271 {\n  padding-top: 20px;\n}\n<\/style>\n\t<\/div>\n\t\n<p class=\"alt-font\"><span style=\"font-size: 160%;\"><strong>Erica Piccotti stella nascente del violoncello<\/strong><\/span><\/p>\n<p><strong>Musica, Intervista di Nicola Catt\u00f2<\/strong><\/p>\n<a href=\"https:\/\/ericapiccotti.com\/wp-content\/uploads\/11-Maggio-2018-Musica-Intervista-di-Nicola-Catto.-Erica-Piccotti-stella-nascente-del-violoncello.pdf\" target=\"_blank\" class=\"button primary is-outline\" rel=\"noopener\" style=\"padding:0px 30px 0px 30px;\">\n\t\t<span>Read More<\/span>\n\t<\/a>\n\n\t\t<\/div>\n\t\t\t\t\n<style>\n#col-401922320 > .col-inner {\n  padding: 20px 20px 20px 20px;\n}\n<\/style>\n\t<\/div>\n\n\t\n\n\t<div id=\"col-1554007571\" class=\"col medium-6 small-12 large-6\"  >\n\t\t\t\t<div class=\"col-inner text-left\"  >\n\t\t\t\n\t\t\t\n<p>Maggio 2018<\/p>\n<div class=\"is-divider divider clearfix\" style=\"margin-top:5px;margin-bottom:5px;max-width:100%;height:2px;background-color:#000000;\"><\/div>\n\t<div id=\"gap-1924486850\" class=\"gap-element clearfix\" style=\"display:block; height:auto;\">\n\t\t\n<style>\n#gap-1924486850 {\n  padding-top: 20px;\n}\n<\/style>\n\t<\/div>\n\t\n<p class=\"alt-font\"><span style=\"font-size: 160%;\"><strong>Recensione CD<\/strong><\/span><\/p>\n<p><strong>Musica, Articolo di Riccardo Cassani<\/strong><\/p>\n<a href=\"https:\/\/ericapiccotti.com\/wp-content\/uploads\/11a-Maggio-2018-Musica-Articolo-di-Riccardo-Cassani.-Recensione-CD_compressed.pdf\" target=\"_blank\" class=\"button primary is-outline\" rel=\"noopener\" style=\"padding:0px 30px 0px 30px;\">\n\t\t<span>Read More<\/span>\n\t<\/a>\n\n\t\t<\/div>\n\t\t\t\t\n<style>\n#col-1554007571 > .col-inner {\n  padding: 20px 20px 20px 20px;\n}\n<\/style>\n\t<\/div>\n\n\t\n\n\t<div id=\"col-966613312\" class=\"col medium-6 small-12 large-6\"  >\n\t\t\t\t<div class=\"col-inner text-left\"  >\n\t\t\t\n\t\t\t\n<p>17 Marzo 2018<\/p>\n<div class=\"is-divider divider clearfix\" style=\"margin-top:5px;margin-bottom:5px;max-width:100%;height:2px;background-color:#000000;\"><\/div>\n\t<div id=\"gap-1777725427\" class=\"gap-element clearfix\" style=\"display:block; height:auto;\">\n\t\t\n<style>\n#gap-1777725427 {\n  padding-top: 20px;\n}\n<\/style>\n\t<\/div>\n\t\n<p class=\"alt-font\"><span style=\"font-size: 160%;\"><strong>Piccotti suona il Chigiano<\/strong><\/span><\/p>\n<p><strong>La Provincia, Articolo di Roberto Codazzi<\/strong><\/p>\n<a href=\"https:\/\/ericapiccotti.com\/wp-content\/uploads\/12-17-Marzo-2018-La-Provincia-Articolo-di-Roberto-Codazzi.-Piccotti-suona-il-Chigiano.pdf\" target=\"_blank\" class=\"button primary is-outline\" rel=\"noopener\" style=\"padding:0px 30px 0px 30px;\">\n\t\t<span>Read More<\/span>\n\t<\/a>\n\n\t\t<\/div>\n\t\t\t\t\n<style>\n#col-966613312 > .col-inner {\n  padding: 20px 20px 20px 20px;\n}\n<\/style>\n\t<\/div>\n\n\t\n\n\t<div id=\"col-715710064\" class=\"col medium-6 small-12 large-6\"  >\n\t\t\t\t<div class=\"col-inner text-left\"  >\n\t\t\t\n\t\t\t\n<p>9 Marzo 2018<\/p>\n<div class=\"is-divider divider clearfix\" style=\"margin-top:5px;margin-bottom:5px;max-width:100%;height:2px;background-color:#000000;\"><\/div>\n\t<div id=\"gap-346537951\" class=\"gap-element clearfix\" style=\"display:block; height:auto;\">\n\t\t\n<style>\n#gap-346537951 {\n  padding-top: 20px;\n}\n<\/style>\n\t<\/div>\n\t\n<p class=\"alt-font\"><span style=\"font-size: 160%;\"><strong>Che bella musica un\u2019associazione aiuta i giovani a sfondare<\/strong><\/span><\/p>\n<p><strong>La Repubblica, Antonella Barina<\/strong><\/p>\n<a href=\"https:\/\/ericapiccotti.com\/wp-content\/uploads\/13-9-Marzo-2018-La-Repubblica-Antonella-Barina.-Che-bella-musica-unassociazione-aiuta-i-giovani-a-sfondare.pdf\" target=\"_blank\" class=\"button primary is-outline\" rel=\"noopener\" style=\"padding:0px 30px 0px 30px;\">\n\t\t<span>Read More<\/span>\n\t<\/a>\n\n\t\t<\/div>\n\t\t\t\t\n<style>\n#col-715710064 > .col-inner {\n  padding: 20px 20px 20px 20px;\n}\n<\/style>\n\t<\/div>\n\n\t\n\n\t<div id=\"col-882287998\" class=\"col medium-6 small-12 large-6\"  >\n\t\t\t\t<div class=\"col-inner text-left\"  >\n\t\t\t\n\t\t\t\n<p>Marzo 2018<\/p>\n<div class=\"is-divider divider clearfix\" style=\"margin-top:5px;margin-bottom:5px;max-width:100%;height:2px;background-color:#000000;\"><\/div>\n\t<div id=\"gap-453865238\" class=\"gap-element clearfix\" style=\"display:block; height:auto;\">\n\t\t\n<style>\n#gap-453865238 {\n  padding-top: 20px;\n}\n<\/style>\n\t<\/div>\n\t\n<p class=\"alt-font\"><span style=\"font-size: 160%;\"><strong>Istintiva e appassionata<\/strong><\/span><\/p>\n<p><strong>Amadeus, Intervista di Giuseppe Scuri<\/strong><\/p>\n<a href=\"https:\/\/ericapiccotti.com\/wp-content\/uploads\/14-Marzo-2018-Amadeus-Intervista-di-Giuseppe-Scuri.-Istintiva-e-appassionata.pdf\" target=\"_blank\" class=\"button primary is-outline\" rel=\"noopener\" style=\"padding:0px 30px 0px 30px;\">\n\t\t<span>Read More<\/span>\n\t<\/a>\n\n\t\t<\/div>\n\t\t\t\t\n<style>\n#col-882287998 > .col-inner {\n  padding: 20px 20px 20px 20px;\n}\n<\/style>\n\t<\/div>\n\n\t\n\n\t<div id=\"col-2117145178\" class=\"col medium-6 small-12 large-6\"  >\n\t\t\t\t<div class=\"col-inner text-left\"  >\n\t\t\t\n\t\t\t\n<p>19 Gen 2018<\/p>\n<div class=\"is-divider divider clearfix\" style=\"margin-top:5px;margin-bottom:5px;max-width:100%;height:2px;background-color:#000000;\"><\/div>\n\t<div id=\"gap-1960235741\" class=\"gap-element clearfix\" style=\"display:block; height:auto;\">\n\t\t\n<style>\n#gap-1960235741 {\n  padding-top: 20px;\n}\n<\/style>\n\t<\/div>\n\t\n<p class=\"alt-font\"><span style=\"font-size: 160%;\"><strong>Erica Piccotti alla corte della Warner<\/strong><\/span><\/p>\n<p><strong>La Nazione, Articolo di Michele Manzotti<\/strong><\/p>\n<a href=\"https:\/\/ericapiccotti.com\/wp-content\/uploads\/15-19-Gennaio-2018-La-Nazione-Articolo-di-Michele-Manzotti.-Erica-Piccotti-alla-corte-della-Warner.pdf\" target=\"_blank\" class=\"button primary is-outline\" rel=\"noopener\" style=\"padding:0px 30px 0px 30px;\">\n\t\t<span>Read More<\/span>\n\t<\/a>\n\n\t\t<\/div>\n\t\t\t\t\n<style>\n#col-2117145178 > .col-inner {\n  padding: 20px 20px 20px 20px;\n}\n<\/style>\n\t<\/div>\n\n\t\n\n\t<div id=\"col-42732058\" class=\"col medium-6 small-12 large-6\"  >\n\t\t\t\t<div class=\"col-inner text-left\"  >\n\t\t\t\n\t\t\t\n<p>16 Gen 2018<\/p>\n<div class=\"is-divider divider clearfix\" style=\"margin-top:5px;margin-bottom:5px;max-width:100%;height:2px;background-color:#000000;\"><\/div>\n\t<div id=\"gap-1977911888\" class=\"gap-element clearfix\" style=\"display:block; height:auto;\">\n\t\t\n<style>\n#gap-1977911888 {\n  padding-top: 20px;\n}\n<\/style>\n\t<\/div>\n\t\n<p class=\"alt-font\"><span style=\"font-size: 160%;\"><strong>L\u2019abbraccio di Erica per il suo violoncello<\/strong><\/span><\/p>\n<p><strong>Corriere Fiorentino, Articolo di Chiara Dino<\/strong><\/p>\n<a href=\"https:\/\/ericapiccotti.com\/wp-content\/uploads\/16-16-Gennaio-2018-Corriere-Fiorentino-Articolo-di-Chiara-Dino.-Labbraccio-di-Erica-per-il-suo-violoncello.pdf\" target=\"_blank\" class=\"button primary is-outline\" rel=\"noopener\" style=\"padding:0px 30px 0px 30px;\">\n\t\t<span>Read More<\/span>\n\t<\/a>\n\n\t\t<\/div>\n\t\t\t\t\n<style>\n#col-42732058 > .col-inner {\n  padding: 20px 20px 20px 20px;\n}\n<\/style>\n\t<\/div>\n\n\t\n<\/div>\n<\/div>\n<div id=\"tab_2017\" class=\"panel entry-content\" role=\"tabpanel\" aria-labelledby=\"tab-2017\">\n<div class=\"row\"  id=\"row-2068171412\">\n\n\t<div id=\"col-471690784\" class=\"col medium-6 small-12 large-6\"  >\n\t\t\t\t<div class=\"col-inner text-left\"  >\n\t\t\t\n\t\t\t\n<p>13 Lug 2017<\/p>\n<div class=\"is-divider divider clearfix\" style=\"margin-top:5px;margin-bottom:5px;max-width:100%;height:2px;background-color:#000000;\"><\/div>\n\t<div id=\"gap-2036650859\" class=\"gap-element clearfix\" style=\"display:block; height:auto;\">\n\t\t\n<style>\n#gap-2036650859 {\n  padding-top: 20px;\n}\n<\/style>\n\t<\/div>\n\t\n<p class=\"alt-font\"><span style=\"font-size: 160%;\"><strong>La bellezza dei gesti nel duo Piccotti Cattarossi<\/strong><\/span><\/p>\n<p><strong>Accademia Chigiana, Articolo di Laura Mazzagufo<\/strong><\/p>\n<a href=\"https:\/\/ericapiccotti.com\/wp-content\/uploads\/17-13-Luglio-2017-Accademia-Chigiana-Articolo-di-Laura-Mazzagufo.-La-bellezza-dei-gesti-nel-duo-Piccotti-Cattarossi_compressed.pdf\" target=\"_blank\" class=\"button primary is-outline\" rel=\"noopener\" style=\"padding:0px 30px 0px 30px;\">\n\t\t<span>Read More<\/span>\n\t<\/a>\n\n\t\t<\/div>\n\t\t\t\t\n<style>\n#col-471690784 > .col-inner {\n  padding: 20px 20px 20px 20px;\n}\n<\/style>\n\t<\/div>\n\n\t\n\n\t<div id=\"col-44388683\" class=\"col medium-6 small-12 large-6\"  >\n\t\t\t\t<div class=\"col-inner text-left\"  >\n\t\t\t\n\t\t\t\n<p>27 Giu 2017<\/p>\n<div class=\"is-divider divider clearfix\" style=\"margin-top:5px;margin-bottom:5px;max-width:100%;height:2px;background-color:#000000;\"><\/div>\n\t<div id=\"gap-1177986829\" class=\"gap-element clearfix\" style=\"display:block; height:auto;\">\n\t\t\n<style>\n#gap-1177986829 {\n  padding-top: 20px;\n}\n<\/style>\n\t<\/div>\n\t\n<p class=\"alt-font\"><span style=\"font-size: 160%;\"><strong>Incontro ravvicinato con Erica Piccotti astro nascente del violoncello<\/strong><\/span><\/p>\n<p><strong>La chiave di violino, Intervista<\/strong><\/p>\n<a href=\"#\" target=\"_blank\" class=\"button primary is-outline\" rel=\"noopener\" style=\"padding:0px 30px 0px 30px;\">\n\t\t<span>NO LINK<\/span>\n\t<\/a>\n\n\t\t<\/div>\n\t\t\t\t\n<style>\n#col-44388683 > .col-inner {\n  padding: 20px 20px 20px 20px;\n}\n<\/style>\n\t<\/div>\n\n\t\n\n\t<div id=\"col-1371439229\" class=\"col medium-6 small-12 large-6\"  >\n\t\t\t\t<div class=\"col-inner text-left\"  >\n\t\t\t\n\t\t\t\n<p>26 Giu 2017<\/p>\n<div class=\"is-divider divider clearfix\" style=\"margin-top:5px;margin-bottom:5px;max-width:100%;height:2px;background-color:#000000;\"><\/div>\n\t<div id=\"gap-906180483\" class=\"gap-element clearfix\" style=\"display:block; height:auto;\">\n\t\t\n<style>\n#gap-906180483 {\n  padding-top: 20px;\n}\n<\/style>\n\t<\/div>\n\t\n<p class=\"alt-font\"><span style=\"font-size: 160%;\"><strong>La luce del violoncello allo Squero<\/strong><\/span><\/p>\n<p><strong>Musica, Articolo di Nicola Catt\u00f2<\/strong><\/p>\n<a target=\"_blank\" class=\"button primary is-outline\" rel=\"noopener\" style=\"padding:0px 30px 0px 30px;\">\n\t\t<span>Read More<\/span>\n\t<\/a>\n\n\t\t<\/div>\n\t\t\t\t\n<style>\n#col-1371439229 > .col-inner {\n  padding: 20px 20px 20px 20px;\n}\n<\/style>\n\t<\/div>\n\n\t\n\n\t<div id=\"col-1658450351\" class=\"col medium-6 small-12 large-6\"  >\n\t\t\t\t<div class=\"col-inner text-left\"  >\n\t\t\t\n\t\t\t\n<p>22 Giu 2017<\/p>\n<div class=\"is-divider divider clearfix\" style=\"margin-top:5px;margin-bottom:5px;max-width:100%;height:2px;background-color:#000000;\"><\/div>\n\t<div id=\"gap-1840694047\" class=\"gap-element clearfix\" style=\"display:block; height:auto;\">\n\t\t\n<style>\n#gap-1840694047 {\n  padding-top: 20px;\n}\n<\/style>\n\t<\/div>\n\t\n<p class=\"alt-font\"><span style=\"font-size: 160%;\"><strong>Erica Piccotti e Monica Cattarossi incantano loSquero di Venezia<\/strong><\/span><\/p>\n<p><strong>Amadeus, Articolo di Gaetano Santangelo<\/strong><\/p>\n<a href=\"https:\/\/ericapiccotti.com\/wp-content\/uploads\/19-22-Giugno-2017-Amadeus-Articolo-di-Gaetano-Santangelo.-Erica-Piccotti-e-Monica-Cattarossi-incantano-lo-Squero-di-Venezia.pdf\" target=\"_blank\" class=\"button primary is-outline\" rel=\"noopener\" style=\"padding:0px 30px 0px 30px;\">\n\t\t<span>Read More<\/span>\n\t<\/a>\n\n\t\t<\/div>\n\t\t\t\t\n<style>\n#col-1658450351 > .col-inner {\n  padding: 20px 20px 20px 20px;\n}\n<\/style>\n\t<\/div>\n\n\t\n\n\t<div id=\"col-1111886806\" class=\"col medium-6 small-12 large-6\"  >\n\t\t\t\t<div class=\"col-inner text-left\"  >\n\t\t\t\n\t\t\t\n<p>Giugno 2017<\/p>\n<div class=\"is-divider divider clearfix\" style=\"margin-top:5px;margin-bottom:5px;max-width:100%;height:2px;background-color:#000000;\"><\/div>\n\t<div id=\"gap-889323243\" class=\"gap-element clearfix\" style=\"display:block; height:auto;\">\n\t\t\n<style>\n#gap-889323243 {\n  padding-top: 20px;\n}\n<\/style>\n\t<\/div>\n\t\n<p class=\"alt-font\"><span style=\"font-size: 160%;\"><strong>Musica con le Ali, Erica Piccotti in concerto allo Squero<\/strong><\/span><\/p>\n<p><strong>Amadeus, Articolo de La Redazione On Line<\/strong><\/p>\n<a href=\"https:\/\/ericapiccotti.com\/wp-content\/uploads\/amadeus_12_06.pdf\" target=\"_blank\" class=\"button primary is-outline\" rel=\"noopener\" style=\"padding:0px 30px 0px 30px;\">\n\t\t<span>Read More<\/span>\n\t<\/a>\n\n\t\t<\/div>\n\t\t\t\t\n<style>\n#col-1111886806 > .col-inner {\n  padding: 20px 20px 20px 20px;\n}\n<\/style>\n\t<\/div>\n\n\t\n\n\t<div id=\"col-693672474\" class=\"col medium-6 small-12 large-6\"  >\n\t\t\t\t<div class=\"col-inner text-left\"  >\n\t\t\t\n\t\t\t\n<p>1 Maggio 2017<\/p>\n<div class=\"is-divider divider clearfix\" style=\"margin-top:5px;margin-bottom:5px;max-width:100%;height:2px;background-color:#000000;\"><\/div>\n\t<div id=\"gap-907426409\" class=\"gap-element clearfix\" style=\"display:block; height:auto;\">\n\t\t\n<style>\n#gap-907426409 {\n  padding-top: 20px;\n}\n<\/style>\n\t<\/div>\n\t\n<p class=\"alt-font\"><span style=\"font-size: 160%;\"><strong>Sinf\u00f2nica del Estado de M\u00e9xico tendr\u00e0 como hu\u00e9sped a violonchelista italiana<\/strong><\/span><\/p>\n<p><strong>20 minutos, Articolo della redazione<br \/>\n<\/strong><\/p>\n<a href=\"https:\/\/ericapiccotti.com\/wp-content\/uploads\/21-1-Maggio-2017-20-minutos-Articolo-della-redazione.-Sinfonica-del-Estado-de-Mexico-tendra-como-huesped-a-violonchelista-italiana.pdf\" target=\"_blank\" class=\"button primary is-outline\" rel=\"noopener\" style=\"padding:0px 30px 0px 30px;\">\n\t\t<span>Read More<\/span>\n\t<\/a>\n\n\t\t<\/div>\n\t\t\t\t\n<style>\n#col-693672474 > .col-inner {\n  padding: 20px 20px 20px 20px;\n}\n<\/style>\n\t<\/div>\n\n\t\n<\/div>\n<\/div>\n<div id=\"tab_2016\" class=\"panel entry-content\" role=\"tabpanel\" aria-labelledby=\"tab-2016\">\n<div class=\"row\"  id=\"row-280324218\">\n\n\t<div id=\"col-1835902348\" class=\"col medium-6 small-12 large-6\"  >\n\t\t\t\t<div class=\"col-inner text-left\"  >\n\t\t\t\n\t\t\t\n<p>Maggio 2016<\/p>\n<div class=\"is-divider divider clearfix\" style=\"margin-top:5px;margin-bottom:5px;max-width:100%;height:2px;background-color:#000000;\"><\/div>\n\t<div id=\"gap-482125427\" class=\"gap-element clearfix\" style=\"display:block; height:auto;\">\n\t\t\n<style>\n#gap-482125427 {\n  padding-top: 20px;\n}\n<\/style>\n\t<\/div>\n\t\n<p class=\"alt-font\"><span style=\"font-size: 160%;\"><strong>Erica Piccotti, il violoncello che incanta<\/strong><\/span><\/p>\n<p><strong>Premio Memorial Tullio Besa, Intervista di Gigliola Trentin Besa<br \/>\n<\/strong><\/p>\n<a target=\"_blank\" class=\"button primary is-outline\" rel=\"noopener\" style=\"padding:0px 30px 0px 30px;\">\n\t\t<span>Read More<\/span>\n\t<\/a>\n\n\t\t<\/div>\n\t\t\t\t\n<style>\n#col-1835902348 > .col-inner {\n  padding: 20px 20px 20px 20px;\n}\n<\/style>\n\t<\/div>\n\n\t\n\n\t<div id=\"col-507144246\" class=\"col medium-6 small-12 large-6\"  >\n\t\t\t\t<div class=\"col-inner text-left\"  >\n\t\t\t\n\t\t\t\n<p>19 Apr 2016<\/p>\n<div class=\"is-divider divider clearfix\" style=\"margin-top:5px;margin-bottom:5px;max-width:100%;height:2px;background-color:#000000;\"><\/div>\n\t<div id=\"gap-873423172\" class=\"gap-element clearfix\" style=\"display:block; height:auto;\">\n\t\t\n<style>\n#gap-873423172 {\n  padding-top: 20px;\n}\n<\/style>\n\t<\/div>\n\t\n<p class=\"alt-font\"><span style=\"font-size: 160%;\"><strong>Largo alle giovani donne <\/strong><\/span><\/p>\n<p><strong>Amadeus, Articolo di Giovanni Desideri<\/strong><\/p>\n<a href=\"https:\/\/ericapiccotti.com\/wp-content\/uploads\/amadeus.pdf\" target=\"_blank\" class=\"button primary is-outline\" rel=\"noopener\" style=\"padding:0px 30px 0px 30px;\">\n\t\t<span>Read More<\/span>\n\t<\/a>\n\n\t\t<\/div>\n\t\t\t\t\n<style>\n#col-507144246 > .col-inner {\n  padding: 20px 20px 20px 20px;\n}\n<\/style>\n\t<\/div>\n\n\t\n\n\t<div id=\"col-995676623\" class=\"col medium-6 small-12 large-6\"  >\n\t\t\t\t<div class=\"col-inner text-left\"  >\n\t\t\t\n\t\t\t\n<p>18 Feb 2016<\/p>\n<div class=\"is-divider divider clearfix\" style=\"margin-top:5px;margin-bottom:5px;max-width:100%;height:2px;background-color:#000000;\"><\/div>\n\t<div id=\"gap-1548592879\" class=\"gap-element clearfix\" style=\"display:block; height:auto;\">\n\t\t\n<style>\n#gap-1548592879 {\n  padding-top: 20px;\n}\n<\/style>\n\t<\/div>\n\t\n<p class=\"alt-font\"><span style=\"font-size: 160%;\"><strong>La sedicenne Piccotti rivelazione del violoncello<\/strong><\/span><\/p>\n<p><strong>Corriere della Sera, Intervista di Enrico Parola<\/strong><\/p>\n<a href=\"https:\/\/ericapiccotti.com\/wp-content\/uploads\/23-18-Febbraio-2016-Corriere-della-Sera-Intervista-di-Enrico-Parola.-La-seicenne-Piccotti-rivelazione-del-violoncello_compressed.pdf\" target=\"_blank\" class=\"button primary is-outline\" rel=\"noopener\" style=\"padding:0px 30px 0px 30px;\">\n\t\t<span>Read More<\/span>\n\t<\/a>\n\n\t\t<\/div>\n\t\t\t\t\n<style>\n#col-995676623 > .col-inner {\n  padding: 20px 20px 20px 20px;\n}\n<\/style>\n\t<\/div>\n\n\t\n<\/div>\n<\/div>\n<div id=\"tab_2015\/14\/13\" class=\"panel entry-content\" role=\"tabpanel\" aria-labelledby=\"tab-2015\/14\/13\">\n<div class=\"row\"  id=\"row-500948262\">\n\n\t<div id=\"col-1732723574\" class=\"col medium-6 small-12 large-6\"  >\n\t\t\t\t<div class=\"col-inner text-left\"  >\n\t\t\t\n\t\t\t\n<p>11 Dic 2015<\/p>\n<div class=\"is-divider divider clearfix\" style=\"margin-top:5px;margin-bottom:5px;max-width:100%;height:2px;background-color:#000000;\"><\/div>\n\t<div id=\"gap-1182219206\" class=\"gap-element clearfix\" style=\"display:block; height:auto;\">\n\t\t\n<style>\n#gap-1182219206 {\n  padding-top: 20px;\n}\n<\/style>\n\t<\/div>\n\t\n<p class=\"alt-font\"><span style=\"font-size: 160%;\"><strong>Erica, gi\u00e0 una star a sedici anni<\/strong><\/span><\/p>\n<p><strong>La Stampa, Articolo di L.O.<\/strong><\/p>\n<a href=\"https:\/\/ericapiccotti.com\/wp-content\/uploads\/25-P7-light-La-Stampa-Articolo-di-L.-O.pdf\" target=\"_blank\" class=\"button primary is-outline\" rel=\"noopener\" style=\"padding:0px 30px 0px 30px;\">\n\t\t<span>Read More<\/span>\n\t<i class=\"icon-angle-right\" aria-hidden=\"true\"><\/i><\/a>\n\n\t\t<\/div>\n\t\t\t\t\n<style>\n#col-1732723574 > .col-inner {\n  padding: 20px 20px 20px 20px;\n}\n<\/style>\n\t<\/div>\n\n\t\n\n\t<div id=\"col-1069204677\" class=\"col medium-6 small-12 large-6\"  >\n\t\t\t\t<div class=\"col-inner text-left\"  >\n\t\t\t\n\t\t\t\n<p>2 Nov 2015<\/p>\n<div class=\"is-divider divider clearfix\" style=\"margin-top:5px;margin-bottom:5px;max-width:100%;height:2px;background-color:#000000;\"><\/div>\n\t<div id=\"gap-444595112\" class=\"gap-element clearfix\" style=\"display:block; height:auto;\">\n\t\t\n<style>\n#gap-444595112 {\n  padding-top: 20px;\n}\n<\/style>\n\t<\/div>\n\t\n<p class=\"alt-font\"><span style=\"font-size: 160%;\"><strong>Musica, beat\u00e0 giovent\u00f9 della Sinfonica<\/strong><\/span><\/p>\n<p><strong>Abruzzoweb, Articolo di Giulia Di Cesare<\/strong><\/p>\n<a href=\"https:\/\/ericapiccotti.com\/wp-content\/uploads\/26-p24-light-Abruzzoweb-Articolo-di-Giulia-Di-Cesare.pdf\" target=\"_blank\" class=\"button primary is-outline\" rel=\"noopener\" style=\"padding:0px 30px 0px 30px;\">\n\t\t<span>Read More<\/span>\n\t<i class=\"icon-angle-right\" aria-hidden=\"true\"><\/i><\/a>\n\n\t\t<\/div>\n\t\t\t\t\n<style>\n#col-1069204677 > .col-inner {\n  padding: 20px 20px 20px 20px;\n}\n<\/style>\n\t<\/div>\n\n\t\n\n\t<div id=\"col-703752761\" class=\"col medium-6 small-12 large-6\"  >\n\t\t\t\t<div class=\"col-inner text-left\"  >\n\t\t\t\n\t\t\t\n<p>Dicembre 2015<\/p>\n<div class=\"is-divider divider clearfix\" style=\"margin-top:5px;margin-bottom:5px;max-width:100%;height:2px;background-color:#000000;\"><\/div>\n\t<div id=\"gap-1606374111\" class=\"gap-element clearfix\" style=\"display:block; height:auto;\">\n\t\t\n<style>\n#gap-1606374111 {\n  padding-top: 20px;\n}\n<\/style>\n\t<\/div>\n\t\n<p class=\"alt-font\"><span style=\"font-size: 160%;\"><strong>Erica Piccotti, un talento del violoncello<\/strong><\/span><\/p>\n<p><strong>Sistema Musica, Articolo di Fabrizio Testa<\/strong><\/p>\n<a href=\"https:\/\/ericapiccotti.com\/wp-content\/uploads\/sistemamusica.pdf\" target=\"_blank\" class=\"button primary is-outline\" rel=\"noopener\" style=\"padding:0px 30px 0px 30px;\">\n\t\t<span>Read More<\/span>\n\t<i class=\"icon-angle-right\" aria-hidden=\"true\"><\/i><\/a>\n\n\t\t<\/div>\n\t\t\t\t\n<style>\n#col-703752761 > .col-inner {\n  padding: 20px 20px 20px 20px;\n}\n<\/style>\n\t<\/div>\n\n\t\n\n\t<div id=\"col-844710411\" class=\"col medium-6 small-12 large-6\"  >\n\t\t\t\t<div class=\"col-inner text-left\"  >\n\t\t\t\n\t\t\t\n<p>8 Giu 2015<\/p>\n<div class=\"is-divider divider clearfix\" style=\"margin-top:5px;margin-bottom:5px;max-width:100%;height:2px;background-color:#000000;\"><\/div>\n\t<div id=\"gap-424673121\" class=\"gap-element clearfix\" style=\"display:block; height:auto;\">\n\t\t\n<style>\n#gap-424673121 {\n  padding-top: 20px;\n}\n<\/style>\n\t<\/div>\n\t\n<p class=\"alt-font\"><span style=\"font-size: 160%;\"><strong>Morigi Musica sonate e variazioni per la straordinaria musicista sedicenne<\/strong><\/span><\/p>\n<p><strong>Libert\u00e0 di Piacenza, Articolo di Betty Paraboschi<\/strong><\/p>\n<a href=\"https:\/\/ericapiccotti.com\/wp-content\/uploads\/27-8-Giugno-2015-Liberta-di-Piacenza-Articolo-di-Betty-Paraboschi.-Morigi-Musica-sonate-e-variazioni-per-la-straordinaria-musicista-sedicenne_compressed.pdf\" target=\"_blank\" class=\"button primary is-outline\" rel=\"noopener\" style=\"padding:0px 30px 0px 30px;\">\n\t\t<span>Read More<\/span>\n\t<i class=\"icon-angle-right\" aria-hidden=\"true\"><\/i><\/a>\n\n\t\t<\/div>\n\t\t\t\t\n<style>\n#col-844710411 > .col-inner {\n  padding: 20px 20px 20px 20px;\n}\n<\/style>\n\t<\/div>\n\n\t\n\n\t<div id=\"col-1761884739\" class=\"col medium-6 small-12 large-6\"  >\n\t\t\t\t<div class=\"col-inner text-left\"  >\n\t\t\t\n\t\t\t\n<p>26 Feb 2015<\/p>\n<div class=\"is-divider divider clearfix\" style=\"margin-top:5px;margin-bottom:5px;max-width:100%;height:2px;background-color:#000000;\"><\/div>\n\t<div id=\"gap-111266007\" class=\"gap-element clearfix\" style=\"display:block; height:auto;\">\n\t\t\n<style>\n#gap-111266007 {\n  padding-top: 20px;\n}\n<\/style>\n\t<\/div>\n\t\n<p class=\"alt-font\"><span style=\"font-size: 160%;\"><strong>Ungt stjarnskott visade framfotterna<\/strong><\/span><\/p>\n<p><strong>Ttela, Articolo di Alexandra Carlsson Tenitskaja<\/strong><\/p>\n<a href=\"https:\/\/ericapiccotti.com\/wp-content\/uploads\/28-26-Febbraio-2015-Ttela-Articolo-di-Alexandra-Carlsson-Tenitskaja.-Ungt-stjarnskott-visade-framfotterna.pdf\" target=\"_blank\" class=\"button primary is-outline\" rel=\"noopener\" style=\"padding:0px 30px 0px 30px;\">\n\t\t<span>Read More<\/span>\n\t<i class=\"icon-angle-right\" aria-hidden=\"true\"><\/i><\/a>\n\n\t\t<\/div>\n\t\t\t\t\n<style>\n#col-1761884739 > .col-inner {\n  padding: 20px 20px 20px 20px;\n}\n<\/style>\n\t<\/div>\n\n\t\n\n\t<div id=\"col-1292708244\" class=\"col medium-6 small-12 large-6\"  >\n\t\t\t\t<div class=\"col-inner text-left\"  >\n\t\t\t\n\t\t\t\n<p>5 Ott 2014<\/p>\n<div class=\"is-divider divider clearfix\" style=\"margin-top:5px;margin-bottom:5px;max-width:100%;height:2px;background-color:#000000;\"><\/div>\n\t<div id=\"gap-1684481675\" class=\"gap-element clearfix\" style=\"display:block; height:auto;\">\n\t\t\n<style>\n#gap-1684481675 {\n  padding-top: 20px;\n}\n<\/style>\n\t<\/div>\n\t\n<p class=\"alt-font\"><span style=\"font-size: 160%;\"><strong>Al via il Festival Piatti Al violoncello Erica Piccotti<\/strong><\/span><\/p>\n<p><strong>L\u2019Eco di Bergamo, Articolo di Bernardino Zappa<\/strong><\/p>\n<a href=\"https:\/\/ericapiccotti.com\/wp-content\/uploads\/29-5-Ottobre-2014-LEco-di-Bergamo-Articolo-di-Bernardino-Zappa.-Al-via-il-Festival-Piatti-Al-violoncello-Erica-Piccotti.pdf\" target=\"_blank\" class=\"button primary is-outline\" rel=\"noopener\" style=\"padding:0px 30px 0px 30px;\">\n\t\t<span>Read More<\/span>\n\t<i class=\"icon-angle-right\" aria-hidden=\"true\"><\/i><\/a>\n\n\t\t<\/div>\n\t\t\t\t\n<style>\n#col-1292708244 > .col-inner {\n  padding: 20px 20px 20px 20px;\n}\n<\/style>\n\t<\/div>\n\n\t\n\n\t<div id=\"col-1445037303\" class=\"col medium-6 small-12 large-6\"  >\n\t\t\t\t<div class=\"col-inner text-left\"  >\n\t\t\t\n\t\t\t\n<p>26 Lug 2013<\/p>\n<div class=\"is-divider divider clearfix\" style=\"margin-top:5px;margin-bottom:5px;max-width:100%;height:2px;background-color:#000000;\"><\/div>\n\t<div id=\"gap-295935761\" class=\"gap-element clearfix\" style=\"display:block; height:auto;\">\n\t\t\n<style>\n#gap-295935761 {\n  padding-top: 20px;\n}\n<\/style>\n\t<\/div>\n\t\n<p class=\"alt-font\"><span style=\"font-size: 160%;\"><strong>Erica, 14 anni prodigio della musica<\/strong><\/span><\/p>\n<p><strong>La Nazione, Articolo di Giulia Maestrini<\/strong><\/p>\n<a href=\"https:\/\/ericapiccotti.com\/wp-content\/uploads\/30-26-Luglio-2013-La-Nazione-Articolo-di-Giulia-Maestrini.-Erica-14-anni-prodigio-della-musica.pdf\" target=\"_blank\" class=\"button primary is-outline\" rel=\"noopener\" style=\"padding:0px 30px 0px 30px;\">\n\t\t<span>Read More<\/span>\n\t<i class=\"icon-angle-right\" aria-hidden=\"true\"><\/i><\/a>\n\n\t\t<\/div>\n\t\t\t\t\n<style>\n#col-1445037303 > .col-inner {\n  padding: 20px 20px 20px 20px;\n}\n<\/style>\n\t<\/div>\n\n\t\n<\/div>\n<\/div><\/div><\/div>\n\t\t<\/div>\n\t\t\t\t\t<\/div>\n\n\t\n<\/div>\n","protected":false},"excerpt":{"rendered":"","protected":false},"author":6,"featured_media":0,"parent":0,"menu_order":0,"comment_status":"closed","ping_status":"closed","template":"page-blank.php","meta":{"inline_featured_image":false,"footnotes":""},"class_list":["post-1297","page","type-page","status-publish","hentry"],"_links":{"self":[{"href":"https:\/\/ericapiccotti.com\/en\/wp-json\/wp\/v2\/pages\/1297","targetHints":{"allow":["GET"]}}],"collection":[{"href":"https:\/\/ericapiccotti.com\/en\/wp-json\/wp\/v2\/pages"}],"about":[{"href":"https:\/\/ericapiccotti.com\/en\/wp-json\/wp\/v2\/types\/page"}],"author":[{"embeddable":true,"href":"https:\/\/ericapiccotti.com\/en\/wp-json\/wp\/v2\/users\/6"}],"replies":[{"embeddable":true,"href":"https:\/\/ericapiccotti.com\/en\/wp-json\/wp\/v2\/comments?post=1297"}],"version-history":[{"count":14,"href":"https:\/\/ericapiccotti.com\/en\/wp-json\/wp\/v2\/pages\/1297\/revisions"}],"predecessor-version":[{"id":1400,"href":"https:\/\/ericapiccotti.com\/en\/wp-json\/wp\/v2\/pages\/1297\/revisions\/1400"}],"wp:attachment":[{"href":"https:\/\/ericapiccotti.com\/en\/wp-json\/wp\/v2\/media?parent=1297"}],"curies":[{"name":"wp","href":"https:\/\/api.w.org\/{rel}","templated":true}]}}